{"id":79,"date":"2018-02-17T11:51:47","date_gmt":"2018-02-17T10:51:47","guid":{"rendered":"http:\/\/fibredigitale.fr\/?page_id=79"},"modified":"2018-05-16T20:44:45","modified_gmt":"2018-05-16T18:44:45","slug":"mes-experiences","status":"publish","type":"page","link":"https:\/\/fibredigitale.fr\/?page_id=79","title":{"rendered":"Mes Exp\u00e9riences"},"content":{"rendered":"<h4>Cher Visiteur,<\/h4>\n<p>Vous trouverez en cliquant dans le menu du haut de page mon parcours professionnel <a href=\"https:\/\/fibredigitale.fr\/?page_id=80\">chez Orange depuis 2010<\/a> et <a href=\"https:\/\/fibredigitale.fr\/?page_id=83\">mes autres Exp\u00e9riences avant 2010.<\/a><\/p>\n<p>En r\u00e9sum\u00e9, j&rsquo;ai pu appr\u00e9hender la vente dans divers secteurs\u00a0 :<\/p>\n<ul>\n<li>Informatique,<\/li>\n<li>Internet,<\/li>\n<li>T\u00e9l\u00e9phonie Mobile,<\/li>\n<li>immobilier,<\/li>\n<li>Finance<\/li>\n<\/ul>\n<p>et travaill\u00e9 dans diff\u00e9rents canaux de distribution :<\/p>\n<ul>\n<li>Grande distribution<\/li>\n<li>Agence, Boutique<\/li>\n<li>Vente \u00e0 distance<\/li>\n<li>Porte \u00e0 porte chez les Particuliers<\/li>\n<li>en B to B en march\u00e9 Professionnel Pme\u00a0 et Grands Comptes<\/li>\n<\/ul>\n<p>Mon\u00a0 champs de comp\u00e9tence est multiple :<\/p>\n<ul>\n<li>Vente terrain (one shot, agence, boutique)<\/li>\n<li>Animation des Ventes<\/li>\n<li>N\u00e9gociation,<\/li>\n<li>Suivi client\u00e8le en portefeuille,<\/li>\n<li>Fid\u00e9lisation,<\/li>\n<li>centre d&rsquo;appel,<\/li>\n<li>Administration des ventes,<\/li>\n<li>Logistique,<\/li>\n<li>contentieux,<\/li>\n<li>qualit\u00e9<\/li>\n<\/ul>\n<p>Je suis donc tr\u00e8s polyvalent.<\/p>\n<p style=\"text-align: center;\">Cliquez sur la p\u00e9riode qui vous interesse :<\/p>\n<p style=\"text-align: center;\"><a href=\"https:\/\/fibredigitale.fr\/?page_id=80\">chez Orange depuis 2010<\/a> et <a href=\"https:\/\/fibredigitale.fr\/?page_id=83\">mes autres Exp\u00e9riences avant 2010.<\/a><\/p>\n","protected":false},"excerpt":{"rendered":"<p>Cher Visiteur, Vous trouverez en cliquant dans le menu du haut de page mon parcours professionnel chez Orange depuis 2010 et mes autres Exp\u00e9riences avant 2010. En r\u00e9sum\u00e9, j&rsquo;ai pu appr\u00e9hender la vente dans divers secteurs\u00a0 : Informatique, Internet, T\u00e9l\u00e9phonie Mobile, immobilier, Finance et travaill\u00e9 dans diff\u00e9rents canaux de distribution : Grande distribution Agence, Boutique &hellip; <a href=\"https:\/\/fibredigitale.fr\/?page_id=79\" class=\"more-link\">Continuer la lecture<span class=\"screen-reader-text\"> de &laquo;&nbsp;Mes Exp\u00e9riences&nbsp;&raquo;<\/span><\/a><\/p>\n","protected":false},"author":1,"featured_media":0,"parent":0,"menu_order":0,"comment_status":"closed","ping_status":"closed","template":"","meta":{"footnotes":""},"class_list":["post-79","page","type-page","status-publish","hentry"],"_links":{"self":[{"href":"https:\/\/fibredigitale.fr\/index.php?rest_route=\/wp\/v2\/pages\/79","targetHints":{"allow":["GET"]}}],"collection":[{"href":"https:\/\/fibredigitale.fr\/index.php?rest_route=\/wp\/v2\/pages"}],"about":[{"href":"https:\/\/fibredigitale.fr\/index.php?rest_route=\/wp\/v2\/types\/page"}],"author":[{"embeddable":true,"href":"https:\/\/fibredigitale.fr\/index.php?rest_route=\/wp\/v2\/users\/1"}],"replies":[{"embeddable":true,"href":"https:\/\/fibredigitale.fr\/index.php?rest_route=%2Fwp%2Fv2%2Fcomments&post=79"}],"version-history":[{"count":14,"href":"https:\/\/fibredigitale.fr\/index.php?rest_route=\/wp\/v2\/pages\/79\/revisions"}],"predecessor-version":[{"id":208,"href":"https:\/\/fibredigitale.fr\/index.php?rest_route=\/wp\/v2\/pages\/79\/revisions\/208"}],"wp:attachment":[{"href":"https:\/\/fibredigitale.fr\/index.php?rest_route=%2Fwp%2Fv2%2Fmedia&parent=79"}],"curies":[{"name":"wp","href":"https:\/\/api.w.org\/{rel}","templated":true}]}}